{"id":7430,"date":"2018-06-18T02:00:35","date_gmt":"2018-06-18T09:00:35","guid":{"rendered":"http:\/\/www.tvmasmagazine.com\/?page_id=7430"},"modified":"2026-06-21T03:25:31","modified_gmt":"2026-06-21T06:25:31","slug":"bienvenidos-a-tvmas-magazine","status":"publish","type":"page","link":"https:\/\/tvmasmagazine.com\/en\/","title":{"rendered":"TVMAS"},"content":{"rendered":"<!-- MasterSlider -->\n\t\t<div id=\"P_MS6a999d1dae829\" class=\"master-slider-parent msl ms-parent-id-3\" style=\"max-width:800px;\">\n\n\t\t\t\n\t\t\t<!-- MasterSlider Main -->\n\t\t\t<div id=\"MS6a999d1dae829\" class=\"master-slider ms-skin-default\" >\n\t\t\t\t \t\t\t\t \n\t\t\t\t<div  class=\"ms-slide\" data-delay=\"3\" data-fill-mode=\"fill\"  >\n\t\t\t\t\t<img decoding=\"async\" src=\"https:\/\/tvmasmagazine.com\/wp-content\/plugins\/master-slider\/public\/assets\/css\/blank.gif\" alt=\"\" title=\"\" data-src=\"https:\/\/tvmasmagazine.com\/wp-content\/uploads\/2022\/01\/GMA-Dramas-Premiere-in-Latin-America.png\" \/>\n\t<a href=\"https:\/\/www.tvmasmagazine.com\/en\/2022\/01\/03\/estrenos-de-dramas-de-gma-en-america-latina\/\"     ><\/a>\n\n\t\t\t\t\t<div class=\"ms-info\"><p class=\"entry-title\" style=\"text-align: center;\"><strong><span style=\"font-size: 18pt;\">GMA Dramas Premiere in Latin America<\/span><\/strong><\/p><\/div>\n\n\n\t<div class=\"ms-thumb\" ><div class=\"ms-tab-context\"><div class=\"&quot;ms-tab-context&quot;\"><\/div><\/div>\n<\/div>\n\t\t\t\t<\/div>\n\t\t\t\t<div  class=\"ms-slide\" data-delay=\"3\" data-fill-mode=\"fill\"  >\n\t\t\t\t\t<img decoding=\"async\" src=\"https:\/\/tvmasmagazine.com\/wp-content\/plugins\/master-slider\/public\/assets\/css\/blank.gif\" alt=\"\" title=\"\" data-src=\"https:\/\/tvmasmagazine.com\/wp-content\/uploads\/2022\/03\/CRUZANDO-LOS-LIMITES.jpg\" \/>\n\t<a href=\"https:\/\/tvmasmagazine.com\/en\/2022\/12\/27\/copacabana-papers-del-argentino-fernando-portabales-premiada-en-emiratos-arabes-unidos\/\"     ><\/a>\n\n\t\t\t\t\t<div class=\"ms-info\"><p style=\"text-align: center;\"><strong>Italy's Mediaset sold to the United States Cruzando los limites<\/strong><\/p><\/div>\n\n\n\t<div class=\"ms-thumb\" ><div class=\"ms-tab-context\"><div class=\"&quot;ms-tab-context&quot;\"><\/div><\/div>\n<\/div>\n\t\t\t\t<\/div>\n\t\t\t\t<div  class=\"ms-slide\" data-delay=\"3\" data-fill-mode=\"fill\"  >\n\t\t\t\t\t<img decoding=\"async\" src=\"https:\/\/tvmasmagazine.com\/wp-content\/plugins\/master-slider\/public\/assets\/css\/blank.gif\" alt=\"\" title=\"\" data-src=\"https:\/\/tvmasmagazine.com\/wp-content\/uploads\/2022\/03\/Grazi-Massafera-Kids-Credit_Globo_Joao-Cotta.jpg\" \/>\n\t<a href=\"https:\/\/tvmasmagazine.com\/en\/2022\/03\/21\/en-rtl-de-hungria-llega-suerte-de-vivir-de-brasil\/\"     ><\/a>\n\n\t\t\t\t\t<div class=\"ms-info\"><p style=\"text-align: center;\"><strong>\"A life worth living\" comes to Hungary on RTL<\/strong><\/p><\/div>\n\n\n\t<div class=\"ms-thumb\" ><div class=\"ms-tab-context\"><div class=\"&quot;ms-tab-context&quot;\"><\/div><\/div>\n<\/div>\n\t\t\t\t<\/div>\n\t\t\t\t<div  class=\"ms-slide\" data-delay=\"3\" data-fill-mode=\"fill\"  >\n\t\t\t\t\t<img decoding=\"async\" src=\"https:\/\/tvmasmagazine.com\/wp-content\/plugins\/master-slider\/public\/assets\/css\/blank.gif\" alt=\"\" title=\"\" data-src=\"https:\/\/tvmasmagazine.com\/wp-content\/uploads\/2022\/03\/EL-PRIMERO-DE-NOSOTROS-GRAN-ESTRENO-POR-TELEFE-Y-PARAMOUNT-1.jpg\" \/>\n\t<a href=\"https:\/\/tvmasmagazine.com\/en\/2022\/03\/22\/el-estreno-en-telefe-y-paramount-el-primero-de-nosotros-acumulo-audiencias-certificadas\/\"     ><\/a>\n\n\t\t\t\t\t<div class=\"ms-info\"><strong>Premiered on Telefe and Paramount+ \u201cEl Primero de Nosotros\u201d had certified audiences<\/strong><\/div>\n\n\n\t<div class=\"ms-thumb\" ><div class=\"ms-tab-context\"><div class=\"&quot;ms-tab-context&quot;\"><\/div><\/div>\n<\/div>\n\t\t\t\t<\/div>\n\t\t\t\t<div  class=\"ms-slide\" data-delay=\"3\" data-fill-mode=\"fill\"  >\n\t\t\t\t\t<img decoding=\"async\" src=\"https:\/\/tvmasmagazine.com\/wp-content\/plugins\/master-slider\/public\/assets\/css\/blank.gif\" alt=\"\" title=\"\" data-src=\"https:\/\/tvmasmagazine.com\/wp-content\/uploads\/2022\/03\/Ilhan-Zengin-fundador-y-CEO-de-ShowHeroes-Group.jpg\" \/>\n\t<a href=\"https:\/\/tvmasmagazine.com\/es\/2022\/03\/23\/showheroes-group-apuesta-en-america-latina-con-la-adquisicion-de-smartclip\/\"     ><\/a>\n\n\t\t\t\t\t<div class=\"ms-info\"><p class=\"entry-title\" style=\"text-align: center;\"><strong>ShowHeroes Group bets on Latin America with the acquisition of Smartclip<\/strong><\/p><\/div>\n\n\n\t<div class=\"ms-thumb\" ><div class=\"ms-tab-context\"><div class=\"&quot;ms-tab-context&quot;\"><\/div><\/div>\n<\/div>\n\t\t\t\t<\/div>\n\t\t\t\t<div  class=\"ms-slide\" data-delay=\"3\" data-fill-mode=\"fill\"  >\n\t\t\t\t\t<img decoding=\"async\" src=\"https:\/\/tvmasmagazine.com\/wp-content\/plugins\/master-slider\/public\/assets\/css\/blank.gif\" alt=\"\" title=\"\" data-src=\"https:\/\/tvmasmagazine.com\/wp-content\/uploads\/2022\/04\/NBC-SWEET-TABOO-California.png\" \/>\n\t<a href=\"https:\/\/tvmasmagazine.com\/en\/2022\/04\/14\/nbc-continua-con-los-clasificatorios-de-la-serie-american-song-contest\/\"     ><\/a>\n\n\t\t\t\t\t<div class=\"ms-info\"><p style=\"text-align: center;\"><strong>\"A life worth living\" comes to Hungary on RTL<\/strong><\/p><\/div>\n\n\n\t<div class=\"ms-thumb\" ><div class=\"ms-tab-context\"><div class=\"&quot;ms-tab-context&quot;\"><\/div><\/div>\n<\/div>\n\t\t\t\t<\/div>\n\t\t\t\t<div  class=\"ms-slide\" data-delay=\"3\" data-fill-mode=\"fill\"  >\n\t\t\t\t\t<img decoding=\"async\" src=\"https:\/\/tvmasmagazine.com\/wp-content\/plugins\/master-slider\/public\/assets\/css\/blank.gif\" alt=\"\" title=\"\" data-src=\"https:\/\/tvmasmagazine.com\/wp-content\/uploads\/2023\/05\/Sin-titulo.png\" \/>\n\n\t\t\t\t\t<div class=\"ms-info\"><p style=\"text-align: center;\"><strong>Telemundo highlights the potential of Spanish-language content in the United States<\/strong><\/p><\/div>\n\n\n\t<div class=\"ms-thumb\" ><div class=\"ms-tab-context\"><div class=\"&quot;ms-tab-context&quot;\"><\/div><\/div>\n<\/div>\n\t\t\t\t<\/div>\n\t\t\t\t<div  class=\"ms-slide\" data-delay=\"3\" data-fill-mode=\"fill\"  >\n\t\t\t\t\t<img decoding=\"async\" src=\"https:\/\/tvmasmagazine.com\/wp-content\/plugins\/master-slider\/public\/assets\/css\/blank.gif\" alt=\"\" title=\"\" data-src=\"https:\/\/tvmasmagazine.com\/wp-content\/uploads\/2023\/06\/Ana-Cecilia-Alvarado-scaled.jpg\" \/>\n\n\t\t\t\t\t<div class=\"ms-info\"><p style=\"text-align: center;\"><strong>Ana Cecilia Alvarado Robles<\/strong><\/p><\/div>\n\n\n\t<div class=\"ms-thumb\" ><div class=\"ms-tab-context\"><div class=\"&quot;ms-tab-context&quot;\"><\/div><\/div>\n<\/div>\n\t\t\t\t<\/div>\n\t\t\t\t<div  class=\"ms-slide\" data-delay=\"3\" data-fill-mode=\"fill\"  >\n\t\t\t\t\t<img decoding=\"async\" src=\"https:\/\/tvmasmagazine.com\/wp-content\/plugins\/master-slider\/public\/assets\/css\/blank.gif\" alt=\"\" title=\"\" data-src=\"https:\/\/tvmasmagazine.com\/wp-content\/uploads\/2023\/09\/jaquelinebracamontes-danilocarrera.jpg\" \/>\n\n\t\t\t\t\t<div class=\"ms-info\"><h2 style=\"text-align: center;\">Jacqueline Bracamontes &amp; Danilo Carrera<\/h2><\/div>\n\n\n\t<div class=\"ms-thumb\" ><div class=\"ms-tab-context\"><div class=\"&quot;ms-tab-context&quot;\"><\/div><\/div>\n<\/div>\n\t\t\t\t<\/div>\n\t\t\t\t<div  class=\"ms-slide\" data-delay=\"3\" data-fill-mode=\"fill\"  >\n\t\t\t\t\t<img decoding=\"async\" src=\"https:\/\/tvmasmagazine.com\/wp-content\/plugins\/master-slider\/public\/assets\/css\/blank.gif\" alt=\"\" title=\"\" data-src=\"https:\/\/tvmasmagazine.com\/wp-content\/uploads\/2023\/11\/LA-PROMESA-RTVE-OK-OK-.jpg\" \/>\n\n\t\t\t\t\t<div class=\"ms-info\"><p style=\"text-align: center;\"><strong>La Promesa<\/strong><\/p><\/div>\n\n\n\t<div class=\"ms-thumb\" ><div class=\"ms-tab-context\"><div class=\"&quot;ms-tab-context&quot;\"><\/div><\/div>\n<\/div>\n\t\t\t\t<\/div>\n\t\t\t\t<div  class=\"ms-slide\" data-delay=\"3\" data-fill-mode=\"fit\"  >\n\t\t\t\t\t<img decoding=\"async\" src=\"https:\/\/tvmasmagazine.com\/wp-content\/plugins\/master-slider\/public\/assets\/css\/blank.gif\" alt=\"\" title=\"\" data-src=\"https:\/\/tvmasmagazine.com\/wp-content\/uploads\/2025\/09\/Carlos-Quintanilla.jpg\" \/>\n\t<a href=\"https:\/\/tvmasmagazine.com\/en\/2025\/09\/24\/carlota-apuesta-ambiciosa-de-sony-pictures-television-latin-america\/\" target=\"_blank\"    ><\/a>\n\n\t\t\t\t\t<div class=\"ms-info\"><strong>Carlos Quintanilla, executive, creator, and vice president of content and production for Latin America and US Hispanic at Sony Pictures Television Latin America.<\/strong><\/div>\n\n\n\t<div class=\"ms-thumb\" ><div class=\"ms-tab-context\"><div class=\"&quot;ms-tab-context&quot;\"><\/div><\/div>\n<\/div>\n\t\t\t\t<\/div>\n\t\t\t\t<div  class=\"ms-slide\" data-delay=\"3\" data-fill-mode=\"fit\"  >\n\t\t\t\t\t<img decoding=\"async\" src=\"https:\/\/tvmasmagazine.com\/wp-content\/plugins\/master-slider\/public\/assets\/css\/blank.gif\" alt=\"\" title=\"\" data-src=\"https:\/\/tvmasmagazine.com\/wp-content\/uploads\/2026\/03\/DISNEY-SKY-ALTA.jpg\" \/>\n\n\t\t\t\t\t<div class=\"ms-info\"><p style=\"text-align:center;\">DISNEY+ - SKY<\/strong><\/div>\n\n\n\t<div class=\"ms-thumb\" ><div class=\"ms-tab-context\"><div class=\"&quot;ms-tab-context&quot;\"><\/div><\/div>\n<\/div>\n\t\t\t\t<\/div>\n\t\t\t\t<div  class=\"ms-slide\" data-delay=\"3\" data-fill-mode=\"fit\"  >\n\t\t\t\t\t<img decoding=\"async\" src=\"https:\/\/tvmasmagazine.com\/wp-content\/plugins\/master-slider\/public\/assets\/css\/blank.gif\" alt=\"\" title=\"\" data-src=\"https:\/\/tvmasmagazine.com\/wp-content\/uploads\/2026\/03\/ENRIQUE-CEREZO-ALTA.jpg\" \/>\n\n\t\t\t\t\t<div class=\"ms-info\"><p style=\"text-align: center;\"><strong>Enrique Cerezo<\/strong><\/p><\/div>\n\n\n\t<div class=\"ms-thumb\" ><div class=\"ms-tab-context\"><div class=\"&quot;ms-tab-context&quot;\"><\/div><\/div>\n<\/div>\n\t\t\t\t<\/div>\n\t\t\t\t<div  class=\"ms-slide\" data-delay=\"3\" data-fill-mode=\"fit\"  >\n\t\t\t\t\t<img decoding=\"async\" src=\"https:\/\/tvmasmagazine.com\/wp-content\/plugins\/master-slider\/public\/assets\/css\/blank.gif\" alt=\"\" title=\"\" data-src=\"https:\/\/tvmasmagazine.com\/wp-content\/uploads\/2026\/04\/MIPCOM-2025-INDIA-PABELLON-scaled.jpg\" \/>\n\n\t\t\t\t\t<div class=\"ms-info\"><p style=\"text-align: center;\"><strong>ARGENTINA Boosts the Audiovisual Industry in Partnership with MIPCOM CANNES and MIP CANCUN in Mexico<\/strong><\/p><\/div>\n\n\n\t<div class=\"ms-thumb\" ><div class=\"ms-tab-context\"><div class=\"&quot;ms-tab-context&quot;\"><\/div><\/div>\n<\/div>\n\t\t\t\t<\/div>\n\t\t\t\t<div  class=\"ms-slide\" data-delay=\"3\" data-fill-mode=\"fit\"  >\n\t\t\t\t\t<img decoding=\"async\" src=\"https:\/\/tvmasmagazine.com\/wp-content\/plugins\/master-slider\/public\/assets\/css\/blank.gif\" alt=\"\" title=\"\" data-src=\"https:\/\/tvmasmagazine.com\/wp-content\/uploads\/2026\/04\/Untitled-1.jpg\" \/>\n\n\t\t\t\t\t<div class=\"ms-info\"><p style=\"text-align: center;\"><strong>Miami Film Festival 2026 lights up movie theaters<\/strong><\/p><\/div>\n\n\n\t<div class=\"ms-thumb\" ><div class=\"ms-tab-context\"><div class=\"&quot;ms-tab-context&quot;\"><\/div><\/div>\n<\/div>\n\t\t\t\t<\/div>\n\t\t\t\t<div  class=\"ms-slide\" data-delay=\"3\" data-fill-mode=\"fit\"  >\n\t\t\t\t\t<img decoding=\"async\" src=\"https:\/\/tvmasmagazine.com\/wp-content\/plugins\/master-slider\/public\/assets\/css\/blank.gif\" alt=\"\" title=\"\" data-src=\"https:\/\/tvmasmagazine.com\/wp-content\/uploads\/2026\/04\/Untitled-1-1.jpg\" \/>\n\n\t\t\t\t\t<div class=\"ms-info\"><p style=\"text-align: center;\"><strong>Diana \u00c1lvarez, Carolina Cordero &amp; Mar\u00eda P\u00e9rez Bellier <\/strong><\/p><\/div>\n\n\n\t<div class=\"ms-thumb\" ><div class=\"ms-tab-context\"><div class=\"&quot;ms-tab-context&quot;\"><\/div><\/div>\n<\/div>\n\t\t\t\t<\/div>\n\t\t\t\t<div  class=\"ms-slide\" data-delay=\"3\" data-fill-mode=\"fit\"  >\n\t\t\t\t\t<img decoding=\"async\" src=\"https:\/\/tvmasmagazine.com\/wp-content\/plugins\/master-slider\/public\/assets\/css\/blank.gif\" alt=\"\" title=\"\" data-src=\"https:\/\/tvmasmagazine.com\/wp-content\/uploads\/2026\/05\/Anything-Goes.jpg\" \/>\n\n\t\t\t\t\t<div class=\"ms-info\"><p style=\"text-align: center;\"><strong>Globo Presents a Diversified Portfolio at the LA Screenings 2026<\/strong><\/p><\/div>\n\n\n\t<div class=\"ms-thumb\" ><div class=\"ms-tab-context\"><div class=\"&quot;ms-tab-context&quot;\"><\/div><\/div>\n<\/div>\n\t\t\t\t<\/div>\n\t\t\t\t<div  class=\"ms-slide\" data-delay=\"3\" data-fill-mode=\"fill\"  >\n\t\t\t\t\t<img decoding=\"async\" src=\"https:\/\/tvmasmagazine.com\/wp-content\/plugins\/master-slider\/public\/assets\/css\/blank.gif\" alt=\"\" title=\"\" data-src=\"https:\/\/tvmasmagazine.com\/wp-content\/uploads\/2026\/05\/Three-Graces.jpg\" \/>\n\n\t\t\t\t\t<div class=\"ms-info\"><p style=\"text-align: center;\"><strong>Globo Presents a Diversified Portfolio at the LA Screenings 2026\u00a0<\/strong><\/p><\/div>\n\n\n\t<div class=\"ms-thumb\" ><div class=\"ms-tab-context\"><div class=\"&quot;ms-tab-context&quot;\"><\/div><\/div>\n<\/div>\n\t\t\t\t<\/div>\n\t\t\t\t<div  class=\"ms-slide\" data-delay=\"3\" data-fill-mode=\"fit\"  >\n\t\t\t\t\t<img decoding=\"async\" src=\"https:\/\/tvmasmagazine.com\/wp-content\/plugins\/master-slider\/public\/assets\/css\/blank.gif\" alt=\"\" title=\"\" data-src=\"https:\/\/tvmasmagazine.com\/wp-content\/uploads\/2026\/06\/Anomaly-detection.png\" \/>\n\n\t\t\t\t\t<div class=\"ms-info\"><p style=\"text-align: center;\"><strong>El documental \u2018Anomaly Detection\u2019 se emitir\u00e1 en SCIENCE &amp; VIE TV<\/strong><\/p><\/div>\n\n\n\t<div class=\"ms-thumb\" ><div class=\"ms-tab-context\"><div class=\"&quot;ms-tab-context&quot;\"><\/div><\/div>\n<\/div>\n\t\t\t\t<\/div>\n\t\t\t\t<div  class=\"ms-slide\" data-delay=\"3\" data-fill-mode=\"fit\"  >\n\t\t\t\t\t<img decoding=\"async\" src=\"https:\/\/tvmasmagazine.com\/wp-content\/plugins\/master-slider\/public\/assets\/css\/blank.gif\" alt=\"\" title=\"\" data-src=\"https:\/\/tvmasmagazine.com\/wp-content\/uploads\/2026\/06\/EXPEDICION-kayak.jpg\" \/>\n\n\t\t\t\t\t<div class=\"ms-info\"><p style=\"text-align: center;\"><strong>\u2018Expedition Kayak\u2019, la segunda temporada est\u00e1 disponible en el canal TREK<\/strong><\/p><\/div>\n\n\n\t<div class=\"ms-thumb\" ><div class=\"ms-tab-context\"><div class=\"&quot;ms-tab-context&quot;\"><\/div><\/div>\n<\/div>\n\t\t\t\t<\/div>\n\t\t\t\t<div  class=\"ms-slide\" data-delay=\"3\" data-fill-mode=\"fit\"  >\n\t\t\t\t\t<img decoding=\"async\" src=\"https:\/\/tvmasmagazine.com\/wp-content\/plugins\/master-slider\/public\/assets\/css\/blank.gif\" alt=\"\" title=\"\" data-src=\"https:\/\/tvmasmagazine.com\/wp-content\/uploads\/2026\/06\/Andres-Cantor-Periodista-y-comentarista-deportivo-6.png\" \/>\n\t<a href=\"https:\/\/tvmasmagazine.com\/es\/2026\/06\/29\/la-copa-mundial-de-la-fifa-2026-en-espanol-a-traves-de-telemundo-y-peacock\/\" target=\"_blank\"    ><\/a>\n\n\t\t\t\t\t<div class=\"ms-info\"><p style=\"text-align: center;\">La <strong>Copa Mundial de la FIFA 2026\u2122<\/strong> en espa\u00f1ol a trav\u00e9s de <strong>Telemundo<\/strong> y <strong>Peacock.<\/strong><\/p><\/div>\n\n\n\t<div class=\"ms-thumb\" ><div class=\"ms-tab-context\"><div class=\"&quot;ms-tab-context&quot;\"><\/div><\/div>\n<\/div>\n\t\t\t\t<\/div>\n\t\t\t\t<div  class=\"ms-slide\" data-delay=\"3\" data-fill-mode=\"fit\"  >\n\t\t\t\t\t<img decoding=\"async\" src=\"https:\/\/tvmasmagazine.com\/wp-content\/plugins\/master-slider\/public\/assets\/css\/blank.gif\" alt=\"\" title=\"\" data-src=\"https:\/\/tvmasmagazine.com\/wp-content\/uploads\/2026\/06\/BATISTUTA-FIFA-2026-OK.jpg\" \/>\n\t<a href=\"https:\/\/tvmasmagazine.com\/es\/2026\/06\/29\/la-copa-mundial-de-la-fifa-2026-en-espanol-a-traves-de-telemundo-y-peacock\/\" target=\"_blank\"    ><\/a>\n\n\t\t\t\t\t<div class=\"ms-info\">La <strong>Copa Mundial de la FIFA 2026\u2122<\/strong> en espa\u00f1ol a trav\u00e9s de <strong>Telemundo<\/strong> y <strong>Peacock.<\/strong> <em>Gabriel Batistuta. Foto: Telemundo.<\/em><\/div>\n\n\n\t<div class=\"ms-thumb\" ><div class=\"ms-tab-context\"><div class=\"&quot;ms-tab-context&quot;\"><\/div><\/div>\n<\/div>\n\t\t\t\t<\/div>\n\t\t\t\t<div  class=\"ms-slide\" data-delay=\"3\" data-fill-mode=\"fit\"  >\n\t\t\t\t\t<img decoding=\"async\" src=\"https:\/\/tvmasmagazine.com\/wp-content\/plugins\/master-slider\/public\/assets\/css\/blank.gif\" alt=\"\" title=\"\" data-src=\"https:\/\/tvmasmagazine.com\/wp-content\/uploads\/2026\/06\/ANDRES-GUARDADO-FIFA-2026-OK.jpg\" \/>\n\t<a href=\"https:\/\/tvmasmagazine.com\/es\/2026\/06\/29\/la-copa-mundial-de-la-fifa-2026-en-espanol-a-traves-de-telemundo-y-peacock\/\" target=\"_blank\"    ><\/a>\n\n\t\t\t\t\t<div class=\"ms-info\"><p style=\"text-align: center;\">La <strong>Copa Mundial de la FIFA 2026\u2122<\/strong> en espa\u00f1ol a trav\u00e9s de <strong>Telemundo<\/strong> y <strong>Peacock.<\/strong> <em>Andr\u00e9s Guardado. Foto: Telemundo.<\/em><\/p><\/div>\n\n\n\t<div class=\"ms-thumb\" ><div class=\"ms-tab-context\"><div class=\"&quot;ms-tab-context&quot;\"><\/div><\/div>\n<\/div>\n\t\t\t\t<\/div>\n\t\t\t\t<div  class=\"ms-slide\" data-delay=\"3\" data-fill-mode=\"fit\"  >\n\t\t\t\t\t<img decoding=\"async\" src=\"https:\/\/tvmasmagazine.com\/wp-content\/plugins\/master-slider\/public\/assets\/css\/blank.gif\" alt=\"\" title=\"\" data-src=\"https:\/\/tvmasmagazine.com\/wp-content\/uploads\/2026\/06\/CARLOS-SALCIDO-FIFA-2026.jpg\" \/>\n\t<a href=\"https:\/\/tvmasmagazine.com\/es\/2026\/06\/29\/la-copa-mundial-de-la-fifa-2026-en-espanol-a-traves-de-telemundo-y-peacock\/\" target=\"_blank\"    ><\/a>\n\n\t\t\t\t\t<div class=\"ms-info\"><p style=\"text-align: center;\">La <strong>Copa Mundial de la FIFA 2026\u2122<\/strong> en espa\u00f1ol a trav\u00e9s de <strong>Telemundo<\/strong> y <strong>Peacock.<\/strong> <em>Carlos Salcido. Foto: Telemundo.<\/em><\/p><\/div>\n\n\n\t<div class=\"ms-thumb\" ><div class=\"ms-tab-context\"><div class=\"&quot;ms-tab-context&quot;\"><\/div><\/div>\n<\/div>\n\t\t\t\t<\/div>\n\t\t\t\t<div  class=\"ms-slide\" data-delay=\"3\" data-fill-mode=\"fit\"  >\n\t\t\t\t\t<img decoding=\"async\" src=\"https:\/\/tvmasmagazine.com\/wp-content\/plugins\/master-slider\/public\/assets\/css\/blank.gif\" alt=\"\" title=\"\" data-src=\"https:\/\/tvmasmagazine.com\/wp-content\/uploads\/2026\/06\/JOZY-ALTIDORE-FIFA-2026-OK.jpg\" \/>\n\t<a href=\"https:\/\/tvmasmagazine.com\/es\/2026\/06\/29\/la-copa-mundial-de-la-fifa-2026-en-espanol-a-traves-de-telemundo-y-peacock\/\" target=\"_blank\"    ><\/a>\n\n\t\t\t\t\t<div class=\"ms-info\"><p style=\"text-align: center;\">La <strong>Copa Mundial de la FIFA 2026\u2122<\/strong> en espa\u00f1ol a trav\u00e9s de <strong>Telemundo<\/strong> y <strong>Peacock.<\/strong> <em>Jozy Altidore.\u00a0Foto: Telemundo.<\/em><\/p><\/div>\n\n\n\t<div class=\"ms-thumb\" ><div class=\"ms-tab-context\"><div class=\"&quot;ms-tab-context&quot;\"><\/div><\/div>\n<\/div>\n\t\t\t\t<\/div>\n\t\t\t\t<div  class=\"ms-slide\" data-delay=\"3\" data-fill-mode=\"fit\"  >\n\t\t\t\t\t<img decoding=\"async\" src=\"https:\/\/tvmasmagazine.com\/wp-content\/plugins\/master-slider\/public\/assets\/css\/blank.gif\" alt=\"\" title=\"\" data-src=\"https:\/\/tvmasmagazine.com\/wp-content\/uploads\/2026\/06\/ALEJANDRO-BEDOYA-FIFA-2026-0OK.jpg\" \/>\n\t<a href=\"https:\/\/tvmasmagazine.com\/es\/2026\/06\/29\/la-copa-mundial-de-la-fifa-2026-en-espanol-a-traves-de-telemundo-y-peacock\/\" target=\"_blank\"    ><\/a>\n\n\t\t\t\t\t<div class=\"ms-info\"><p style=\"text-align: center;\">La <strong>Copa Mundial de la FIFA 2026\u2122<\/strong> en espa\u00f1ol a trav\u00e9s de <strong>Telemundo<\/strong> y <strong>Peacock.<\/strong> <em>Alejandro Bedoya. Foto: Telemundo.<\/em><\/p><\/div>\n\n\n\t<div class=\"ms-thumb\" ><div class=\"ms-tab-context\"><div class=\"&quot;ms-tab-context&quot;\"><\/div><\/div>\n<\/div>\n\t\t\t\t<\/div>\n\t\t\t\t<div  class=\"ms-slide\" data-delay=\"3\" data-fill-mode=\"fit\"  >\n\t\t\t\t\t<img decoding=\"async\" src=\"https:\/\/tvmasmagazine.com\/wp-content\/plugins\/master-slider\/public\/assets\/css\/blank.gif\" alt=\"\" title=\"\" data-src=\"https:\/\/tvmasmagazine.com\/wp-content\/uploads\/2026\/06\/CINDIE-SOMOS-GROENLANDIA-scaled.jpg\" \/>\n\t<a href=\"https:\/\/tvmasmagazine.com\/es\/2026\/06\/27\/pasion-del-futbol-cindie-presenta-historias-que-van-mas-alla-de-la-cancha\/\" target=\"_blank\"    ><\/a>\n\n\t\t\t\t\t<div class=\"ms-info\"><p style=\"text-align: center;\"><strong>Pasi\u00f3n del f\u00fatbol. CINDIE presenta historias que van m\u00e1s all\u00e1 de la cancha<\/strong><\/p><\/div>\n\n\n\t<div class=\"ms-thumb\" ><div class=\"ms-tab-context\"><div class=\"&quot;ms-tab-context&quot;\"><\/div><\/div>\n<\/div>\n\t\t\t\t<\/div>\n\t\t\t\t<div  class=\"ms-slide\" data-delay=\"3\" data-fill-mode=\"fit\"  >\n\t\t\t\t\t<img decoding=\"async\" src=\"https:\/\/tvmasmagazine.com\/wp-content\/plugins\/master-slider\/public\/assets\/css\/blank.gif\" alt=\"\" title=\"\" data-src=\"https:\/\/tvmasmagazine.com\/wp-content\/uploads\/2026\/06\/CINDIE-LAS-LEONAS.jpg\" \/>\n\t<a href=\"https:\/\/tvmasmagazine.com\/es\/2026\/06\/27\/pasion-del-futbol-cindie-presenta-historias-que-van-mas-alla-de-la-cancha\/\" target=\"_blank\"    ><\/a>\n\n\t\t\t\t\t<div class=\"ms-info\"><p style=\"text-align: center;\"><strong>Pasi\u00f3n del f\u00fatbol. CINDIE presenta historias que van m\u00e1s all\u00e1 de la cancha<\/strong><\/p><\/div>\n\n\n\t<div class=\"ms-thumb\" ><div class=\"ms-tab-context\"><div class=\"&quot;ms-tab-context&quot;\"><\/div><\/div>\n<\/div>\n\t\t\t\t<\/div>\n\t\t\t\t<div  class=\"ms-slide\" data-delay=\"3\" data-fill-mode=\"fit\"  >\n\t\t\t\t\t<img decoding=\"async\" src=\"https:\/\/tvmasmagazine.com\/wp-content\/plugins\/master-slider\/public\/assets\/css\/blank.gif\" alt=\"\" title=\"\" data-src=\"https:\/\/tvmasmagazine.com\/wp-content\/uploads\/2026\/06\/CINDIE-HAALAND-CONUISTA-INGLATERRA-scaled.jpg\" \/>\n\t<a href=\"https:\/\/tvmasmagazine.com\/es\/2026\/06\/27\/pasion-del-futbol-cindie-presenta-historias-que-van-mas-alla-de-la-cancha\/\" target=\"_blank\"    ><\/a>\n\n\t\t\t\t\t<div class=\"ms-info\"><p style=\"text-align: center;\"><strong>Pasi\u00f3n del f\u00fatbol. CINDIE presenta historias que van m\u00e1s all\u00e1 de la cancha<\/strong><\/p><\/div>\n\n\n\t<div class=\"ms-thumb\" ><div class=\"ms-tab-context\"><div class=\"&quot;ms-tab-context&quot;\"><\/div><\/div>\n<\/div>\n\t\t\t\t<\/div>\n\t\t\t\t<div  class=\"ms-slide\" data-delay=\"3\" data-fill-mode=\"fit\"  >\n\t\t\t\t\t<img decoding=\"async\" src=\"https:\/\/tvmasmagazine.com\/wp-content\/plugins\/master-slider\/public\/assets\/css\/blank.gif\" alt=\"\" title=\"\" data-src=\"https:\/\/tvmasmagazine.com\/wp-content\/uploads\/2026\/06\/CINDIE-HAALAND-scaled.jpg\" \/>\n\t<a href=\"https:\/\/tvmasmagazine.com\/es\/2026\/06\/27\/pasion-del-futbol-cindie-presenta-historias-que-van-mas-alla-de-la-cancha\/\" target=\"_blank\"    ><\/a>\n\n\t\t\t\t\t<div class=\"ms-info\"><p style=\"text-align: center;\"><strong>Pasi\u00f3n del f\u00fatbol. CINDIE presenta historias que van m\u00e1s all\u00e1 de la cancha<\/strong><\/p><\/div>\n\n\n\t<div class=\"ms-thumb\" ><div class=\"ms-tab-context\"><div class=\"&quot;ms-tab-context&quot;\"><\/div><\/div>\n<\/div>\n\t\t\t\t<\/div>\n\t\t\t\t<div  class=\"ms-slide\" data-delay=\"3\" data-fill-mode=\"fit\"  >\n\t\t\t\t\t<img decoding=\"async\" src=\"https:\/\/tvmasmagazine.com\/wp-content\/plugins\/master-slider\/public\/assets\/css\/blank.gif\" alt=\"\" title=\"\" data-src=\"https:\/\/tvmasmagazine.com\/wp-content\/uploads\/2026\/07\/IBERSERIES-2026-Y-SGAE.jpg\" \/>\n\n\t\t\t\t\t<div class=\"ms-info\"><p style=\"text-align: center;\"><strong>Iberseries &amp; Platino Industria y la Fundaci\u00f3n SGAE firman un convenio de colaboraci\u00f3n<\/strong><\/p><\/div>\n\n\n\t<div class=\"ms-thumb\" ><div class=\"ms-tab-context\"><div class=\"&quot;ms-tab-context&quot;\"><\/div><\/div>\n<\/div>\n\t\t\t\t<\/div>\n\t\t\t\t<div  class=\"ms-slide\" data-delay=\"3\" data-fill-mode=\"fit\"  >\n\t\t\t\t\t<img decoding=\"async\" src=\"https:\/\/tvmasmagazine.com\/wp-content\/plugins\/master-slider\/public\/assets\/css\/blank.gif\" alt=\"\" title=\"\" data-src=\"https:\/\/tvmasmagazine.com\/wp-content\/uploads\/2026\/07\/IBERSERIES-PLATINO-INDUSTRIA-2025-AUDITORIO.jpg\" \/>\n\n\t\t\t\t\t<div class=\"ms-info\"><p style=\"text-align: center;\"><strong>Iberseries &amp; Platino Industria y la Fundaci\u00f3n SGAE firman un convenio de colaboraci\u00f3n<\/strong><\/p><\/div>\n\n\n\t<div class=\"ms-thumb\" ><div class=\"ms-tab-context\"><div class=\"&quot;ms-tab-context&quot;\"><\/div><\/div>\n<\/div>\n\t\t\t\t<\/div>\n\n\t\t\t<\/div>\n\t\t\t<!-- END MasterSlider Main -->\n\n\t\t\t \n\t\t<\/div>\n\t\t<!-- END MasterSlider -->\n\n\t\t<script>\n\t\t(function ( $ ) {\n\t\t\t\"use strict\";\n\n\t\t\t$(function () {\n\t\t\t\tvar masterslider_e829 = new MasterSlider();\n\n\t\t\t\t\/\/ slider controls\n\t\t\t\tmasterslider_e829.control('arrows'     ,{ autohide:false, overVideo:true  });\n\t\t\t\tmasterslider_e829.control('slideinfo'  ,{ autohide:false, overVideo:true, dir:'h', align:'bottom',inset:false , margin:10   });\n\t\t\t\t\/\/ slider setup\n\t\t\t\tmasterslider_e829.setup(\"MS6a999d1dae829\", {\n\t\t\t\t\t\twidth           : 800,\n\t\t\t\t\t\theight          : 480,\n\t\t\t\t\t\tminHeight       : 0,\n\t\t\t\t\t\tspace           : 0,\n\t\t\t\t\t\tstart           : 1,\n\t\t\t\t\t\tgrabCursor      : true,\n\t\t\t\t\t\tswipe           : true,\n\t\t\t\t\t\tmouse           : true,\n\t\t\t\t\t\tlayout          : \"boxed\",\n\t\t\t\t\t\twheel           : false,\n\t\t\t\t\t\tautoplay        : true,\n\t\t\t\t\t\tinstantStartLayers:false,\n\t\t\t\t\t\tloop            : true,\n\t\t\t\t\t\tshuffle         : false,\n\t\t\t\t\t\tpreload         : 0,\n\t\t\t\t\t\theightLimit     : true,\n\t\t\t\t\t\tautoHeight      : false,\n\t\t\t\t\t\tsmoothHeight    : true,\n\t\t\t\t\t\tendPause        : false,\n\t\t\t\t\t\toverPause       : false,\n\t\t\t\t\t\tfillMode        : \"fill\",\n\t\t\t\t\t\tcenterControls  : true,\n\t\t\t\t\t\tstartOnAppear   : false,\n\t\t\t\t\t\tlayersMode      : \"center\",\n\t\t\t\t\t\thideLayers      : false,\n\t\t\t\t\t\tfullscreenMargin: 0,\n\t\t\t\t\t\tspeed           : 8,\n\t\t\t\t\t\tdir             : \"h\",\n\t\t\t\t\t\tparallaxMode    : 'swipe',\n\t\t\t\t\t\tview            : \"basic\"\n\t\t\t\t});\n\n\t\t\t\t\n\t\t\t\twindow.masterslider_instances = window.masterslider_instances || [];\n\t\t\t\twindow.masterslider_instances.push( masterslider_e829 );\n\t\t\t });\n\n\t\t})(jQuery);\n\t\t<\/script>\n\n\r\n<hr \/>\r\n<p style=\"text-align: center; font-size: 9px;\">Advertising<\/p>\r\n\n\t\t<!-- MasterSlider -->\n\t\t<div id=\"P_MS6a999d1db4846\" class=\"master-slider-parent msl ms-parent-id-6\" style=\"max-width:345px;\">\n\n\t\t\t\n\t\t\t<!-- MasterSlider Main -->\n\t\t\t<div id=\"MS6a999d1db4846\" class=\"master-slider ms-skin-default\" >\n\t\t\t\t \t\t\t\t \n\t\t\t\t<div  class=\"ms-slide\" data-delay=\"3\" data-fill-mode=\"fill\"  >\n\t\t\t\t\t<img decoding=\"async\" src=\"https:\/\/tvmasmagazine.com\/wp-content\/plugins\/master-slider\/public\/assets\/css\/blank.gif\" alt=\"\" title=\"\" data-src=\"https:\/\/tvmasmagazine.com\/wp-content\/uploads\/2026\/02\/345-\u00d7-100_2026mipcancun.jpg\" \/>\n\t<a href=\"https:\/\/www.mipcancun.com\/?utm_source=tvmas&#038;utm_medium=banner_web&#038;utm_campaign=mip_cancun_2026_std\" target=\"_blank\"    ><\/a>\n\n\n\t<div class=\"ms-thumb\" ><div class=\"ms-tab-context\"><div class=\"&quot;ms-tab-context&quot;\"><\/div><\/div>\n<\/div>\n\t\t\t\t<\/div>\n\t\t\t\t<div  class=\"ms-slide\" data-delay=\"3\" data-fill-mode=\"fill\"  >\n\t\t\t\t\t<img decoding=\"async\" src=\"https:\/\/tvmasmagazine.com\/wp-content\/plugins\/master-slider\/public\/assets\/css\/blank.gif\" alt=\"\" title=\"\" data-src=\"https:\/\/tvmasmagazine.com\/wp-content\/uploads\/2026\/02\/560-x-150-1.png\" \/>\n\t<a href=\"https:\/\/dicm.ae\/registration\/?utm_source=newsletter&#038;utm_medium=banner&#038;utm_campaign=TVMas\" target=\"_blank\"    ><\/a>\n\n\n\t<div class=\"ms-thumb\" ><div class=\"ms-tab-context\"><div class=\"&quot;ms-tab-context&quot;\"><\/div><\/div>\n<\/div>\n\t\t\t\t<\/div>\n\t\t\t\t<div  class=\"ms-slide\" data-delay=\"3\" data-fill-mode=\"fit\"  >\n\t\t\t\t\t<img decoding=\"async\" src=\"https:\/\/tvmasmagazine.com\/wp-content\/plugins\/master-slider\/public\/assets\/css\/blank.gif\" alt=\"\" title=\"\" data-src=\"https:\/\/tvmasmagazine.com\/wp-content\/uploads\/2026\/07\/encregtelbanner-345x100.jpg.jpeg\" \/>\n\t<a href=\"https:\/\/encregtel.com\/2026\/\" target=\"_blank\"    ><\/a>\n\n\n\t<div class=\"ms-thumb\" ><div class=\"ms-tab-context\"><div class=\"&quot;ms-tab-context&quot;\"><\/div><\/div>\n<\/div>\n\t\t\t\t<\/div>\n\t\t\t\t<div  class=\"ms-slide\" data-delay=\"3\" data-fill-mode=\"fit\"  >\n\t\t\t\t\t<img decoding=\"async\" src=\"https:\/\/tvmasmagazine.com\/wp-content\/plugins\/master-slider\/public\/assets\/css\/blank.gif\" alt=\"\" title=\"\" data-src=\"https:\/\/tvmasmagazine.com\/wp-content\/uploads\/2026\/08\/BANNER_TV_MAS_MAGAZINE_ESP_GIF_345x100.gif\" \/>\n\t<a href=\"https:\/\/iberseriesplatinoindustria.com\/\" target=\"_blank\"    ><\/a>\n\n\n\t<div class=\"ms-thumb\" ><div class=\"ms-tab-context\"><div class=\"&quot;ms-tab-context&quot;\"><\/div><\/div>\n<\/div>\n\t\t\t\t<\/div>\n\n\t\t\t<\/div>\n\t\t\t<!-- END MasterSlider Main -->\n\n\t\t\t \n\t\t<\/div>\n\t\t<!-- END MasterSlider -->\n\n\t\t<script>\n\t\t(function ( $ ) {\n\t\t\t\"use strict\";\n\n\t\t\t$(function () {\n\t\t\t\tvar masterslider_4846 = new MasterSlider();\n\n\t\t\t\t\/\/ slider controls\n\n\t\t\t\t\/\/ slider setup\n\t\t\t\tmasterslider_4846.setup(\"MS6a999d1db4846\", {\n\t\t\t\t\t\twidth           : 345,\n\t\t\t\t\t\theight          : 100,\n\t\t\t\t\t\tminHeight       : 0,\n\t\t\t\t\t\tspace           : 0,\n\t\t\t\t\t\tstart           : 1,\n\t\t\t\t\t\tgrabCursor      : true,\n\t\t\t\t\t\tswipe           : true,\n\t\t\t\t\t\tmouse           : true,\n\t\t\t\t\t\tlayout          : \"boxed\",\n\t\t\t\t\t\twheel           : false,\n\t\t\t\t\t\tautoplay        : true,\n\t\t\t\t\t\tinstantStartLayers:false,\n\t\t\t\t\t\tloop            : true,\n\t\t\t\t\t\tshuffle         : true,\n\t\t\t\t\t\tpreload         : 0,\n\t\t\t\t\t\theightLimit     : true,\n\t\t\t\t\t\tautoHeight      : false,\n\t\t\t\t\t\tsmoothHeight    : true,\n\t\t\t\t\t\tendPause        : false,\n\t\t\t\t\t\toverPause       : false,\n\t\t\t\t\t\tfillMode        : \"fill\",\n\t\t\t\t\t\tcenterControls  : true,\n\t\t\t\t\t\tstartOnAppear   : false,\n\t\t\t\t\t\tlayersMode      : \"center\",\n\t\t\t\t\t\thideLayers      : false,\n\t\t\t\t\t\tfullscreenMargin: 0,\n\t\t\t\t\t\tspeed           : 8,\n\t\t\t\t\t\tdir             : \"h\",\n\t\t\t\t\t\tparallaxMode    : 'swipe',\n\t\t\t\t\t\tview            : \"basic\"\n\t\t\t\t});\n\n\t\t\t\t\n\t\t\t\twindow.masterslider_instances = window.masterslider_instances || [];\n\t\t\t\twindow.masterslider_instances.push( masterslider_4846 );\n\t\t\t });\n\n\t\t})(jQuery);\n\t\t<\/script>\n\n\r\n<hr \/>\r\n<h3 style=\"text-align: center; font-size: 20px;\"><strong>TVMAS May &#8211; June 2026 Edition<\/strong><\/h3>\r\n<div style=\"position: relative; padding-top: max(60%,326px); height: 0; width: 100%;\"><iframe style=\"position: absolute; border: none; width: 100%; height: 100%; left: 0; right: 0; top: 0; bottom: 0;\" title=\"TVMAS REVISTA MAYO - JUNIO 2026\" src=\"https:\/\/issuu.com\/tvmas-tvmasmagazine\/docs\/tvmas_revista_mayo-junio_2026?fr=xKAE9_zMzMw\" sandbox=\"allow-top-navigation allow-top-navigation-by-user-activation allow-downloads allow-scripts allow-same-origin allow-popups allow-modals allow-popups-to-escape-sandbox allow-forms\" allowfullscreen=\"allowfullscreen\"><\/iframe><\/div>\r\n<hr \/>\r\n<h3 style=\"text-align: center; font-size: 20px;\"><strong>LATEST NEWS<\/strong><\/h3>\r\n<ul class=\"wp-block-latest-posts__list has-dates wp-block-latest-posts\"><li><div class=\"wp-block-latest-posts__featured-image aligncenter\"><a href=\"https:\/\/tvmasmagazine.com\/en\/2026\/08\/27\/television-academy-designa-a-parrot-analytics-como-socio-oficial-de-analisis-de-datos\/\" aria-label=\"Television Academy Names Parrot Analytics Official Data Analytics Partner\"><img loading=\"lazy\" decoding=\"async\" width=\"754\" height=\"503\" src=\"https:\/\/tvmasmagazine.com\/wp-content\/uploads\/2026\/08\/TELEVERSE-26-OK-1024x683.jpg\" class=\"attachment-large size-large wp-post-image\" alt=\"\" style=\"max-width:512px;max-height:512px;\" srcset=\"https:\/\/tvmasmagazine.com\/wp-content\/uploads\/2026\/08\/TELEVERSE-26-OK-1024x683.jpg 1024w, https:\/\/tvmasmagazine.com\/wp-content\/uploads\/2026\/08\/TELEVERSE-26-OK-350x233.jpg 350w, https:\/\/tvmasmagazine.com\/wp-content\/uploads\/2026\/08\/TELEVERSE-26-OK-150x100.jpg 150w, https:\/\/tvmasmagazine.com\/wp-content\/uploads\/2026\/08\/TELEVERSE-26-OK-768x512.jpg 768w, https:\/\/tvmasmagazine.com\/wp-content\/uploads\/2026\/08\/TELEVERSE-26-OK-1536x1024.jpg 1536w, https:\/\/tvmasmagazine.com\/wp-content\/uploads\/2026\/08\/TELEVERSE-26-OK.jpg 1920w\" sizes=\"auto, (max-width: 754px) 100vw, 754px\" \/><\/a><\/div><a class=\"wp-block-latest-posts__post-title\" href=\"https:\/\/tvmasmagazine.com\/en\/2026\/08\/27\/television-academy-designa-a-parrot-analytics-como-socio-oficial-de-analisis-de-datos\/\">Television Academy Names Parrot Analytics Official Data Analytics Partner<\/a><time datetime=\"2026-08-27T01:42:39+00:00\" class=\"wp-block-latest-posts__post-date\">Thursday August 27th, 2026<\/time><div class=\"wp-block-latest-posts__post-excerpt\">PARTNERSHIPS | DATA AND FIGURES | RATINGS | CONTENT Parrot will provide insights on valuation, audience, talent, and brand affinity to support strategic planning for the Emmy\u00ae Awards and the Academy\u2019s broader programming, outreach, and membership initiatives. Advertising The Television Academy has entered into a strategic partnership with Parrot Analytics, a global leader in intellectual <a class=\"more-link\" href=\"https:\/\/tvmasmagazine.com\/en\/2026\/08\/27\/television-academy-designa-a-parrot-analytics-como-socio-oficial-de-analisis-de-datos\/\">&#8230;<\/a><\/div><\/li>\n<li><div class=\"wp-block-latest-posts__featured-image aligncenter\"><a href=\"https:\/\/tvmasmagazine.com\/en\/2026\/08\/25\/wawa-business-forum-2026-cerrara-ciclo-de-agosto-con-el-evento-wawa-open-mic-actualizacion-sobre-series-y-mas\/\" aria-label=\"WAWA Business Forum 2026 to Conclude August Series with \u201cWAWA Open Mic: Update on \u2018Series y M\u00e1s+\u2019\u201d\"><img loading=\"lazy\" decoding=\"async\" width=\"754\" height=\"879\" src=\"https:\/\/tvmasmagazine.com\/wp-content\/uploads\/2026\/08\/TAMARA-OLIVERO-FOTO-3-OKI-e1787709253616-878x1024.jpg\" class=\"attachment-large size-large wp-post-image\" alt=\"\" style=\"max-width:512px;max-height:512px;\" \/><\/a><\/div><a class=\"wp-block-latest-posts__post-title\" href=\"https:\/\/tvmasmagazine.com\/en\/2026\/08\/25\/wawa-business-forum-2026-cerrara-ciclo-de-agosto-con-el-evento-wawa-open-mic-actualizacion-sobre-series-y-mas\/\">WAWA Business Forum 2026 to Conclude August Series with \u201cWAWA Open Mic: Update on \u2018Series y M\u00e1s+\u2019\u201d<\/a><time datetime=\"2026-08-25T23:07:23+00:00\" class=\"wp-block-latest-posts__post-date\">Tuesday August 25th, 2026<\/time><div class=\"wp-block-latest-posts__post-excerpt\">Forums | Associations | Content Creators | Television The Worldwide Audiovisual Women\u2019s Association (WAWA) will present the final session of the WAWA Business Forum 2026 on August 27 at 11:00 a.m. Miami time. Advertising This special &#8220;WAWA Open Mic&#8221; event focuses on \u2018Series y M\u00e1s+\u2019 the WAWA YouTube channel managed by YOLU and the opportunities <a class=\"more-link\" href=\"https:\/\/tvmasmagazine.com\/en\/2026\/08\/25\/wawa-business-forum-2026-cerrara-ciclo-de-agosto-con-el-evento-wawa-open-mic-actualizacion-sobre-series-y-mas\/\">&#8230;<\/a><\/div><\/li>\n<li><div class=\"wp-block-latest-posts__featured-image aligncenter\"><a href=\"https:\/\/tvmasmagazine.com\/en\/2026\/08\/21\/mexico-mujeres-en-el-cine-mexicano-xxii-muestra-internacional-de-cine-y-la-television\/\" aria-label=\"MEXICO. WOMEN IN MEXICAN CINEMA. XXII International Film and Television Showcase\"><img loading=\"lazy\" decoding=\"async\" width=\"754\" height=\"377\" src=\"https:\/\/tvmasmagazine.com\/wp-content\/uploads\/2026\/08\/1787170035_Bannerweb1-1024x512.png\" class=\"attachment-large size-large wp-post-image\" alt=\"\" style=\"max-width:512px;max-height:512px;\" srcset=\"https:\/\/tvmasmagazine.com\/wp-content\/uploads\/2026\/08\/1787170035_Bannerweb1-1024x512.png 1024w, https:\/\/tvmasmagazine.com\/wp-content\/uploads\/2026\/08\/1787170035_Bannerweb1-350x175.png 350w, https:\/\/tvmasmagazine.com\/wp-content\/uploads\/2026\/08\/1787170035_Bannerweb1-150x75.png 150w, https:\/\/tvmasmagazine.com\/wp-content\/uploads\/2026\/08\/1787170035_Bannerweb1-768x384.png 768w, https:\/\/tvmasmagazine.com\/wp-content\/uploads\/2026\/08\/1787170035_Bannerweb1-1536x768.png 1536w, https:\/\/tvmasmagazine.com\/wp-content\/uploads\/2026\/08\/1787170035_Bannerweb1-2048x1024.png 2048w\" sizes=\"auto, (max-width: 754px) 100vw, 754px\" \/><\/a><\/div><a class=\"wp-block-latest-posts__post-title\" href=\"https:\/\/tvmasmagazine.com\/en\/2026\/08\/21\/mexico-mujeres-en-el-cine-mexicano-xxii-muestra-internacional-de-cine-y-la-television\/\">MEXICO. WOMEN IN MEXICAN CINEMA. XXII International Film and Television Showcase<\/a><time datetime=\"2026-08-21T01:03:00+00:00\" class=\"wp-block-latest-posts__post-date\">Friday August 21st, 2026<\/time><div class=\"wp-block-latest-posts__post-excerpt\">Events | Cinema | Documentaries | Production This year\u2019s selection brings together outstanding short, medium-length, and feature films directed exclusively by talented female creators. The selected works will be screened from August 26 to 30 at various venues across Mexico City, including the Cineteca Nacional and the PROCINE film club network. Genres include fiction, documentary, <a class=\"more-link\" href=\"https:\/\/tvmasmagazine.com\/en\/2026\/08\/21\/mexico-mujeres-en-el-cine-mexicano-xxii-muestra-internacional-de-cine-y-la-television\/\">&#8230;<\/a><\/div><\/li>\n<li><div class=\"wp-block-latest-posts__featured-image aligncenter\"><a href=\"https:\/\/tvmasmagazine.com\/en\/2026\/08\/18\/costa-rica-media-market-e-iberofic-ponen-el-acento-en-centroamerica-y-el-caribe\/\" aria-label=\"COSTA RICA MEDIA MARKET and IBEROFIC Focus on Central America and the Caribbean\"><img loading=\"lazy\" decoding=\"async\" width=\"754\" height=\"531\" src=\"https:\/\/tvmasmagazine.com\/wp-content\/uploads\/2026\/08\/CAROLINA-CORDER-OY-MARISELA-COSTA-RICA-FILM-COMISSION-1024x721.jpg\" class=\"attachment-large size-large wp-post-image\" alt=\"\" style=\"max-width:512px;max-height:512px;\" srcset=\"https:\/\/tvmasmagazine.com\/wp-content\/uploads\/2026\/08\/CAROLINA-CORDER-OY-MARISELA-COSTA-RICA-FILM-COMISSION-1024x721.jpg 1024w, https:\/\/tvmasmagazine.com\/wp-content\/uploads\/2026\/08\/CAROLINA-CORDER-OY-MARISELA-COSTA-RICA-FILM-COMISSION-350x246.jpg 350w, https:\/\/tvmasmagazine.com\/wp-content\/uploads\/2026\/08\/CAROLINA-CORDER-OY-MARISELA-COSTA-RICA-FILM-COMISSION-150x106.jpg 150w, https:\/\/tvmasmagazine.com\/wp-content\/uploads\/2026\/08\/CAROLINA-CORDER-OY-MARISELA-COSTA-RICA-FILM-COMISSION-768x540.jpg 768w, https:\/\/tvmasmagazine.com\/wp-content\/uploads\/2026\/08\/CAROLINA-CORDER-OY-MARISELA-COSTA-RICA-FILM-COMISSION-1536x1081.jpg 1536w, https:\/\/tvmasmagazine.com\/wp-content\/uploads\/2026\/08\/CAROLINA-CORDER-OY-MARISELA-COSTA-RICA-FILM-COMISSION.jpg 1920w\" sizes=\"auto, (max-width: 754px) 100vw, 754px\" \/><\/a><\/div><a class=\"wp-block-latest-posts__post-title\" href=\"https:\/\/tvmasmagazine.com\/en\/2026\/08\/18\/costa-rica-media-market-e-iberofic-ponen-el-acento-en-centroamerica-y-el-caribe\/\">COSTA RICA MEDIA MARKET and IBEROFIC Focus on Central America and the Caribbean<\/a><time datetime=\"2026-08-18T06:00:52+00:00\" class=\"wp-block-latest-posts__post-date\">Tuesday August 18th, 2026<\/time><div class=\"wp-block-latest-posts__post-excerpt\">MARKETING EVENTS | FILM COMMISSIONS | PRODUCTION | FINANCING The goal is to strengthen the audiovisual industry in the country and across the Central American and Caribbean region. \u201cCentral America and the Caribbean possess all the ingredients to become one of the most attractive regions for international audiovisual production.\u201d \u2014 Carolina Cordero, creator and founder <a class=\"more-link\" href=\"https:\/\/tvmasmagazine.com\/en\/2026\/08\/18\/costa-rica-media-market-e-iberofic-ponen-el-acento-en-centroamerica-y-el-caribe\/\">&#8230;<\/a><\/div><\/li>\n<li><div class=\"wp-block-latest-posts__featured-image aligncenter\"><a href=\"https:\/\/tvmasmagazine.com\/en\/2026\/08\/18\/isii-group-y-parrot-analytics-cierran-alianza-para-conectar-la-ambicion-creativa-el-capital-privado-y-la-demanda-global-de-audiencias\/\" aria-label=\"ISII Group and Parrot Analytics Forge Alliance to Connect Creative Ambition, Private Capital, and Global Audience Demand\"><img loading=\"lazy\" decoding=\"async\" width=\"640\" height=\"480\" src=\"https:\/\/tvmasmagazine.com\/wp-content\/uploads\/2026\/08\/Andres-Cantor-Periodista-y-comentarista-deportivo-3.png\" class=\"attachment-large size-large wp-post-image\" alt=\"\" style=\"max-width:512px;max-height:512px;\" srcset=\"https:\/\/tvmasmagazine.com\/wp-content\/uploads\/2026\/08\/Andres-Cantor-Periodista-y-comentarista-deportivo-3.png 640w, https:\/\/tvmasmagazine.com\/wp-content\/uploads\/2026\/08\/Andres-Cantor-Periodista-y-comentarista-deportivo-3-350x263.png 350w, https:\/\/tvmasmagazine.com\/wp-content\/uploads\/2026\/08\/Andres-Cantor-Periodista-y-comentarista-deportivo-3-150x113.png 150w\" sizes=\"auto, (max-width: 640px) 100vw, 640px\" \/><\/a><\/div><a class=\"wp-block-latest-posts__post-title\" href=\"https:\/\/tvmasmagazine.com\/en\/2026\/08\/18\/isii-group-y-parrot-analytics-cierran-alianza-para-conectar-la-ambicion-creativa-el-capital-privado-y-la-demanda-global-de-audiencias\/\">ISII Group and Parrot Analytics Forge Alliance to Connect Creative Ambition, Private Capital, and Global Audience Demand<\/a><time datetime=\"2026-08-18T06:00:09+00:00\" class=\"wp-block-latest-posts__post-date\">Tuesday August 18th, 2026<\/time><div class=\"wp-block-latest-posts__post-excerpt\">PARTNERSHIPS | DATA | INDUSTRY TOPICS | ENTERTAINMENT \u00a0The multi-year collaboration will bolster ISII Group\u2019s integrated &#8220;idea-to-audience&#8221; model with global intelligence on audiences, talent, and investment. Advertising ISII Group and Parrot Analytics have announced a multi-year collaboration in which the Spanish audiovisual group will incorporate Parrot Analytics\u2019 global entertainment intelligence to strengthen its integrated &#8220;idea-to-audience&#8221; <a class=\"more-link\" href=\"https:\/\/tvmasmagazine.com\/en\/2026\/08\/18\/isii-group-y-parrot-analytics-cierran-alianza-para-conectar-la-ambicion-creativa-el-capital-privado-y-la-demanda-global-de-audiencias\/\">&#8230;<\/a><\/div><\/li>\n<\/ul>","protected":false},"excerpt":{"rendered":"<p>Advertising TVMAS May &#8211; June 2026 Edition LATEST NEWS<\/p>\n","protected":false},"author":1,"featured_media":65895,"parent":0,"menu_order":0,"comment_status":"closed","ping_status":"closed","template":"","meta":{"footnotes":""},"class_list":["post-7430","page","type-page","status-publish","has-post-thumbnail","hentry"],"_links":{"self":[{"href":"https:\/\/tvmasmagazine.com\/en\/wp-json\/wp\/v2\/pages\/7430","targetHints":{"allow":["GET"]}}],"collection":[{"href":"https:\/\/tvmasmagazine.com\/en\/wp-json\/wp\/v2\/pages"}],"about":[{"href":"https:\/\/tvmasmagazine.com\/en\/wp-json\/wp\/v2\/types\/page"}],"author":[{"embeddable":true,"href":"https:\/\/tvmasmagazine.com\/en\/wp-json\/wp\/v2\/users\/1"}],"replies":[{"embeddable":true,"href":"https:\/\/tvmasmagazine.com\/en\/wp-json\/wp\/v2\/comments?post=7430"}],"version-history":[{"count":554,"href":"https:\/\/tvmasmagazine.com\/en\/wp-json\/wp\/v2\/pages\/7430\/revisions"}],"predecessor-version":[{"id":70292,"href":"https:\/\/tvmasmagazine.com\/en\/wp-json\/wp\/v2\/pages\/7430\/revisions\/70292"}],"wp:featuredmedia":[{"embeddable":true,"href":"https:\/\/tvmasmagazine.com\/en\/wp-json\/wp\/v2\/media\/65895"}],"wp:attachment":[{"href":"https:\/\/tvmasmagazine.com\/en\/wp-json\/wp\/v2\/media?parent=7430"}],"curies":[{"name":"wp","href":"https:\/\/api.w.org\/{rel}","templated":true}]}}